{"id":132,"date":"2024-04-27T00:19:29","date_gmt":"2024-04-26T22:19:29","guid":{"rendered":"https:\/\/betizfest.org\/?page_id=132"},"modified":"2024-11-19T10:56:08","modified_gmt":"2024-11-19T09:56:08","slug":"le-festival","status":"publish","type":"page","link":"https:\/\/betizfest.info\/index.php\/le-festival\/","title":{"rendered":"Le festival"},"content":{"rendered":"\t\t<div data-elementor-type=\"wp-page\" data-elementor-id=\"132\" class=\"elementor elementor-132\">\n\t\t\t\t\t\t<section class=\"elementor-section elementor-top-section elementor-element elementor-element-21df467 elementor-section-boxed elementor-section-height-default elementor-section-height-default\" data-id=\"21df467\" data-element_type=\"section\">\n\t\t\t\t\t\t<div class=\"elementor-container elementor-column-gap-default\">\n\t\t\t\t\t<div class=\"elementor-column elementor-col-100 elementor-top-column elementor-element elementor-element-fdc0cf8\" data-id=\"fdc0cf8\" data-element_type=\"column\">\n\t\t\t<div class=\"elementor-widget-wrap elementor-element-populated\">\n\t\t\t\t\t\t<div class=\"elementor-element elementor-element-f2f9d7d elementor-widget elementor-widget-heading\" data-id=\"f2f9d7d\" data-element_type=\"widget\" data-widget_type=\"heading.default\">\n\t\t\t\t<div class=\"elementor-widget-container\">\n\t\t\t<style>\/*! elementor - v3.21.0 - 24-04-2024 *\/\n.elementor-heading-title{padding:0;margin:0;line-height:1}.elementor-widget-heading .elementor-heading-title[class*=elementor-size-]>a{color:inherit;font-size:inherit;line-height:inherit}.elementor-widget-heading .elementor-heading-title.elementor-size-small{font-size:15px}.elementor-widget-heading .elementor-heading-title.elementor-size-medium{font-size:19px}.elementor-widget-heading .elementor-heading-title.elementor-size-large{font-size:29px}.elementor-widget-heading .elementor-heading-title.elementor-size-xl{font-size:39px}.elementor-widget-heading .elementor-heading-title.elementor-size-xxl{font-size:59px}<\/style><h2 class=\"elementor-heading-title elementor-size-default\"><span style=\"color:#FFC620;\">BETIZFEST<\/span> UN FESTIVAL ASSOCIATIF DANS LES HAUTS-DE-FRANCE<\/h2>\t\t<\/div>\n\t\t\t\t<\/div>\n\t\t\t\t\t<\/div>\n\t\t<\/div>\n\t\t\t\t\t<\/div>\n\t\t<\/section>\n\t\t\t\t<section class=\"elementor-section elementor-top-section elementor-element elementor-element-2d0ba3d elementor-section-boxed elementor-section-height-default elementor-section-height-default\" data-id=\"2d0ba3d\" data-element_type=\"section\">\n\t\t\t\t\t\t<div class=\"elementor-container elementor-column-gap-default\">\n\t\t\t\t\t<div class=\"elementor-column elementor-col-100 elementor-top-column elementor-element elementor-element-472076a\" data-id=\"472076a\" data-element_type=\"column\">\n\t\t\t<div class=\"elementor-widget-wrap elementor-element-populated\">\n\t\t\t\t\t\t<div class=\"elementor-element elementor-element-9a7bb8c elementor-widget elementor-widget-heading\" data-id=\"9a7bb8c\" data-element_type=\"widget\" data-widget_type=\"heading.default\">\n\t\t\t\t<div class=\"elementor-widget-container\">\n\t\t\t<h2 class=\"elementor-heading-title elementor-size-default\">Depuis 2003 \u00e0 Cambrai<\/h2>\t\t<\/div>\n\t\t\t\t<\/div>\n\t\t\t\t\t<\/div>\n\t\t<\/div>\n\t\t\t\t\t<\/div>\n\t\t<\/section>\n\t\t\t\t<section class=\"elementor-section elementor-top-section elementor-element elementor-element-6148340 elementor-section-boxed elementor-section-height-default elementor-section-height-default\" data-id=\"6148340\" data-element_type=\"section\">\n\t\t\t\t\t\t<div class=\"elementor-container elementor-column-gap-default\">\n\t\t\t\t\t<div class=\"elementor-column elementor-col-50 elementor-top-column elementor-element elementor-element-f80a328\" data-id=\"f80a328\" data-element_type=\"column\">\n\t\t\t<div class=\"elementor-widget-wrap elementor-element-populated\">\n\t\t\t\t\t\t<div class=\"elementor-element elementor-element-607e617 elementor-widget elementor-widget-heading\" data-id=\"607e617\" data-element_type=\"widget\" data-widget_type=\"heading.default\">\n\t\t\t\t<div class=\"elementor-widget-container\">\n\t\t\t<div class=\"elementor-heading-title elementor-size-default\">Le BetiZFest n\u00e9 \u00e0 Cambrai en 2003 et les cinq premi\u00e8res \u00e9ditions se d\u00e9roulent au centre ECLIPSE, structure du Service Enfance et Jeunesse de Cambrai qui accompagne encore l'association \u00e0 ce jour. <br>Les premi\u00e8res \u00e9ditions accueillent des groupes comme l'Esprit du Clan, Born From Pain,  Cellule X, Ren\u00e9 Binam\u00e9, Knuckledust, \u2026 entre punk et hardcore, souvent satur\u00e9, lourd ce qu'il faut, violent par moment et toujours dans un esprit positif.<br>En 2008, le festival d\u00e9m\u00e9nage, direction le Palais des grottes, salle mythique du Cambr\u00e9sis situ\u00e9e au c\u0153ur du jardin public - cette salle a accueilli dans les 70's des groupes comme Black Sabbath, Van Halen, The Who ou encore Leonard Cohen.  <br><br><\/div>\t\t<\/div>\n\t\t\t\t<\/div>\n\t\t\t\t\t<\/div>\n\t\t<\/div>\n\t\t\t\t<div class=\"elementor-column elementor-col-50 elementor-top-column elementor-element elementor-element-4485a22\" data-id=\"4485a22\" data-element_type=\"column\">\n\t\t\t<div class=\"elementor-widget-wrap elementor-element-populated\">\n\t\t\t\t\t\t<div class=\"elementor-element elementor-element-162495c elementor-widget elementor-widget-image\" data-id=\"162495c\" data-element_type=\"widget\" data-widget_type=\"image.default\">\n\t\t\t\t<div class=\"elementor-widget-container\">\n\t\t\t<style>\/*! elementor - v3.21.0 - 24-04-2024 *\/\n.elementor-widget-image{text-align:center}.elementor-widget-image a{display:inline-block}.elementor-widget-image a img[src$=\".svg\"]{width:48px}.elementor-widget-image img{vertical-align:middle;display:inline-block}<\/style>\t\t\t\t\t\t\t\t\t\t<img fetchpriority=\"high\" decoding=\"async\" width=\"1024\" height=\"682\" src=\"https:\/\/betizfest.info\/wp-content\/uploads\/2024\/04\/Capture-decran-2024-04-27-a-00.24.52-1024x682.jpg\" class=\"attachment-large size-large wp-image-137\" alt=\"\" srcset=\"https:\/\/betizfest.info\/wp-content\/uploads\/2024\/04\/Capture-decran-2024-04-27-a-00.24.52-1024x682.jpg 1024w, https:\/\/betizfest.info\/wp-content\/uploads\/2024\/04\/Capture-decran-2024-04-27-a-00.24.52-300x200.jpg 300w, https:\/\/betizfest.info\/wp-content\/uploads\/2024\/04\/Capture-decran-2024-04-27-a-00.24.52-768x511.jpg 768w, https:\/\/betizfest.info\/wp-content\/uploads\/2024\/04\/Capture-decran-2024-04-27-a-00.24.52-1536x1023.jpg 1536w, https:\/\/betizfest.info\/wp-content\/uploads\/2024\/04\/Capture-decran-2024-04-27-a-00.24.52.jpg 1868w\" sizes=\"(max-width: 1024px) 100vw, 1024px\" \/>\t\t\t\t\t\t\t\t\t\t\t\t\t<\/div>\n\t\t\t\t<\/div>\n\t\t\t\t\t<\/div>\n\t\t<\/div>\n\t\t\t\t\t<\/div>\n\t\t<\/section>\n\t\t\t\t<section class=\"elementor-section elementor-top-section elementor-element elementor-element-c00e063 elementor-section-boxed elementor-section-height-default elementor-section-height-default\" data-id=\"c00e063\" data-element_type=\"section\">\n\t\t\t\t\t\t<div class=\"elementor-container elementor-column-gap-default\">\n\t\t\t\t\t<div class=\"elementor-column elementor-col-100 elementor-top-column elementor-element elementor-element-dc4673b\" data-id=\"dc4673b\" data-element_type=\"column\">\n\t\t\t<div class=\"elementor-widget-wrap elementor-element-populated\">\n\t\t\t\t\t\t<div class=\"elementor-element elementor-element-49ae4f4 elementor-widget elementor-widget-heading\" data-id=\"49ae4f4\" data-element_type=\"widget\" data-widget_type=\"heading.default\">\n\t\t\t\t<div class=\"elementor-widget-container\">\n\t\t\t<h2 class=\"elementor-heading-title elementor-size-default\">Un festival au c\u0153ur du Palais <\/h2>\t\t<\/div>\n\t\t\t\t<\/div>\n\t\t\t\t\t<\/div>\n\t\t<\/div>\n\t\t\t\t\t<\/div>\n\t\t<\/section>\n\t\t\t\t<section class=\"elementor-section elementor-top-section elementor-element elementor-element-181abcf elementor-section-boxed elementor-section-height-default elementor-section-height-default\" data-id=\"181abcf\" data-element_type=\"section\">\n\t\t\t\t\t\t<div class=\"elementor-container elementor-column-gap-default\">\n\t\t\t\t\t<div class=\"elementor-column elementor-col-50 elementor-top-column elementor-element elementor-element-072b6ed\" data-id=\"072b6ed\" data-element_type=\"column\">\n\t\t\t<div class=\"elementor-widget-wrap elementor-element-populated\">\n\t\t\t\t\t\t<div class=\"elementor-element elementor-element-ca6582c elementor-widget elementor-widget-image\" data-id=\"ca6582c\" data-element_type=\"widget\" data-widget_type=\"image.default\">\n\t\t\t\t<div class=\"elementor-widget-container\">\n\t\t\t\t\t\t\t\t\t\t\t\t\t<img decoding=\"async\" width=\"1024\" height=\"683\" src=\"https:\/\/betizfest.info\/wp-content\/uploads\/2024\/04\/Capture-decran-2024-04-27-a-00.25.05-1024x683.jpg\" class=\"attachment-large size-large wp-image-136\" alt=\"\" srcset=\"https:\/\/betizfest.info\/wp-content\/uploads\/2024\/04\/Capture-decran-2024-04-27-a-00.25.05-1024x683.jpg 1024w, https:\/\/betizfest.info\/wp-content\/uploads\/2024\/04\/Capture-decran-2024-04-27-a-00.25.05-300x200.jpg 300w, https:\/\/betizfest.info\/wp-content\/uploads\/2024\/04\/Capture-decran-2024-04-27-a-00.25.05-768x513.jpg 768w, https:\/\/betizfest.info\/wp-content\/uploads\/2024\/04\/Capture-decran-2024-04-27-a-00.25.05-1536x1025.jpg 1536w, https:\/\/betizfest.info\/wp-content\/uploads\/2024\/04\/Capture-decran-2024-04-27-a-00.25.05.jpg 1876w\" sizes=\"(max-width: 1024px) 100vw, 1024px\" \/>\t\t\t\t\t\t\t\t\t\t\t\t\t<\/div>\n\t\t\t\t<\/div>\n\t\t\t\t\t<\/div>\n\t\t<\/div>\n\t\t\t\t<div class=\"elementor-column elementor-col-50 elementor-top-column elementor-element elementor-element-e677178\" data-id=\"e677178\" data-element_type=\"column\">\n\t\t\t<div class=\"elementor-widget-wrap elementor-element-populated\">\n\t\t\t\t\t\t<div class=\"elementor-element elementor-element-543639d elementor-widget elementor-widget-heading\" data-id=\"543639d\" data-element_type=\"widget\" data-widget_type=\"heading.default\">\n\t\t\t\t<div class=\"elementor-widget-container\">\n\t\t\t<div class=\"elementor-heading-title elementor-size-default\">Depuis plus de 20 ans, la liste des groupes accueillis est longue et parmi eux se trouve In Flames, Paradise Lost, Arch Enemy, Mass Hysteria,  Parabellum, Walls of Jericho,  Dog eat dog, Nashville Pussy, Les Wampas, Crowbar, Les Sheriffs, Madball, Satanic surfers ou Sick of it all. Tout en laissant la part belle \u00e0 la sc\u00e8ne fran\u00e7aise et locale en mettant en avant des groupes comme Fall of Messiah, Virgil, Oddism, Traquenard, Start of the end, M26.7, la liste est trop longue. Le BetiZFest pour des rencontres et du live men\u00e9 par une team associative toujours motiv\u00e9e et ultra comp\u00e9tente. Le BetiZFest pour perdre un peu les rep\u00e8res et faire des d\u00e9couvertes. <br><br><\/div>\t\t<\/div>\n\t\t\t\t<\/div>\n\t\t\t\t\t<\/div>\n\t\t<\/div>\n\t\t\t\t\t<\/div>\n\t\t<\/section>\n\t\t\t\t<section class=\"elementor-section elementor-top-section elementor-element elementor-element-1ffdbe1 elementor-section-boxed elementor-section-height-default elementor-section-height-default\" data-id=\"1ffdbe1\" data-element_type=\"section\">\n\t\t\t\t\t\t<div class=\"elementor-container elementor-column-gap-default\">\n\t\t\t\t\t<div class=\"elementor-column elementor-col-100 elementor-top-column elementor-element elementor-element-f77bea2\" data-id=\"f77bea2\" data-element_type=\"column\">\n\t\t\t<div class=\"elementor-widget-wrap elementor-element-populated\">\n\t\t\t\t\t\t<div class=\"elementor-element elementor-element-d9ed5c2 elementor-widget elementor-widget-heading\" data-id=\"d9ed5c2\" data-element_type=\"widget\" data-widget_type=\"heading.default\">\n\t\t\t\t<div class=\"elementor-widget-container\">\n\t\t\t<h2 class=\"elementor-heading-title elementor-size-default\">Make BetiZFest not war<\/h2>\t\t<\/div>\n\t\t\t\t<\/div>\n\t\t\t\t\t<\/div>\n\t\t<\/div>\n\t\t\t\t\t<\/div>\n\t\t<\/section>\n\t\t\t\t<section class=\"elementor-section elementor-top-section elementor-element elementor-element-4444c3d elementor-section-boxed elementor-section-height-default elementor-section-height-default\" data-id=\"4444c3d\" data-element_type=\"section\">\n\t\t\t\t\t\t<div class=\"elementor-container elementor-column-gap-default\">\n\t\t\t\t\t<div class=\"elementor-column elementor-col-50 elementor-top-column elementor-element elementor-element-9231487\" data-id=\"9231487\" data-element_type=\"column\">\n\t\t\t<div class=\"elementor-widget-wrap elementor-element-populated\">\n\t\t\t\t\t\t<div class=\"elementor-element elementor-element-19e279a elementor-widget elementor-widget-heading\" data-id=\"19e279a\" data-element_type=\"widget\" data-widget_type=\"heading.default\">\n\t\t\t\t<div class=\"elementor-widget-container\">\n\t\t\t<div class=\"elementor-heading-title elementor-size-default\">On parle ici de musique et de potes. De comment on cr\u00e9e des groupes de musique, des assos pour monter des concerts, des expos, de prendre des photos, de partager des moments et des id\u00e9es. De pousser des portes de caf\u00e9s, de salle de concerts. De faire des kilom\u00e8tres pour d\u00e9couvrir de nouveaux groupes. D'organiser des r\u00e9unions pour savoir si on colle des affiches ce week-end et si on va enfin faire un t-shirt rose pour les b\u00e9n\u00e9voles et qui s'occupe de trouver de la moquette pour les loges. De boire des bi\u00e8res bien sur, de se passer le dernier magazine avec des chroniques qui d\u00e9chirent, d'acheter un disque qu'on conna\u00eet par c\u0153ur mais qu'on a pas encore. Et pour le camping, on a des news de Derek ? Make BetiZFest not war  <br><br><\/div>\t\t<\/div>\n\t\t\t\t<\/div>\n\t\t\t\t\t<\/div>\n\t\t<\/div>\n\t\t\t\t<div class=\"elementor-column elementor-col-50 elementor-top-column elementor-element elementor-element-c81d945\" data-id=\"c81d945\" data-element_type=\"column\">\n\t\t\t<div class=\"elementor-widget-wrap elementor-element-populated\">\n\t\t\t\t\t\t<div class=\"elementor-element elementor-element-439e4d0 elementor-widget elementor-widget-image\" data-id=\"439e4d0\" data-element_type=\"widget\" data-widget_type=\"image.default\">\n\t\t\t\t<div class=\"elementor-widget-container\">\n\t\t\t\t\t\t\t\t\t\t\t\t\t<img decoding=\"async\" width=\"1024\" height=\"683\" src=\"https:\/\/betizfest.info\/wp-content\/uploads\/2024\/04\/DSCF0707-1024x683.jpg\" class=\"attachment-large size-large wp-image-229\" alt=\"\" srcset=\"https:\/\/betizfest.info\/wp-content\/uploads\/2024\/04\/DSCF0707-1024x683.jpg 1024w, https:\/\/betizfest.info\/wp-content\/uploads\/2024\/04\/DSCF0707-300x200.jpg 300w, https:\/\/betizfest.info\/wp-content\/uploads\/2024\/04\/DSCF0707-768x512.jpg 768w, https:\/\/betizfest.info\/wp-content\/uploads\/2024\/04\/DSCF0707-1536x1024.jpg 1536w, https:\/\/betizfest.info\/wp-content\/uploads\/2024\/04\/DSCF0707-2048x1366.jpg 2048w\" sizes=\"(max-width: 1024px) 100vw, 1024px\" \/>\t\t\t\t\t\t\t\t\t\t\t\t\t<\/div>\n\t\t\t\t<\/div>\n\t\t\t\t\t<\/div>\n\t\t<\/div>\n\t\t\t\t\t<\/div>\n\t\t<\/section>\n\t\t\t\t<\/div>\n\t\t","protected":false},"excerpt":{"rendered":"<p>BETIZFEST UN FESTIVAL ASSOCIATIF DANS LES HAUTS-DE-FRANCE Depuis 2003 \u00e0 Cambrai Le BetiZFest n\u00e9 \u00e0 Cambrai en 2003 et les [&hellip;]<\/p>\n","protected":false},"author":1,"featured_media":0,"parent":0,"menu_order":0,"comment_status":"closed","ping_status":"closed","template":"","meta":{"site-sidebar-layout":"no-sidebar","site-content-layout":"","ast-site-content-layout":"full-width-container","site-content-style":"default","site-sidebar-style":"default","ast-global-header-display":"","ast-banner-title-visibility":"","ast-main-header-display":"","ast-hfb-above-header-display":"","ast-hfb-below-header-display":"","ast-hfb-mobile-header-display":"","site-post-title":"disabled","ast-breadcrumbs-content":"","ast-featured-img":"disabled","footer-sml-layout":"","theme-transparent-header-meta":"","adv-header-id-meta":"","stick-header-meta":"","header-above-stick-meta":"","header-main-stick-meta":"","header-below-stick-meta":"","astra-migrate-meta-layouts":"default","ast-page-background-enabled":"default","ast-page-background-meta":{"desktop":{"background-color":"var(--ast-global-color-4)","background-image":"","background-repeat":"repeat","background-position":"center center","background-size":"auto","background-attachment":"scroll","background-type":"","background-media":"","overlay-type":"","overlay-color":"","overlay-gradient":""},"tablet":{"background-color":"","background-image":"","background-repeat":"repeat","background-position":"center center","background-size":"auto","background-attachment":"scroll","background-type":"","background-media":"","overlay-type":"","overlay-color":"","overlay-gradient":""},"mobile":{"background-color":"","background-image":"","background-repeat":"repeat","background-position":"center center","background-size":"auto","background-attachment":"scroll","background-type":"","background-media":"","overlay-type":"","overlay-color":"","overlay-gradient":""}},"ast-content-background-meta":{"desktop":{"background-color":"var(--ast-global-color-5)","background-image":"","background-repeat":"repeat","background-position":"center center","background-size":"auto","background-attachment":"scroll","background-type":"","background-media":"","overlay-type":"","overlay-color":"","overlay-gradient":""},"tablet":{"background-color":"var(--ast-global-color-5)","background-image":"","background-repeat":"repeat","background-position":"center center","background-size":"auto","background-attachment":"scroll","background-type":"","background-media":"","overlay-type":"","overlay-color":"","overlay-gradient":""},"mobile":{"background-color":"var(--ast-global-color-5)","background-image":"","background-repeat":"repeat","background-position":"center center","background-size":"auto","background-attachment":"scroll","background-type":"","background-media":"","overlay-type":"","overlay-color":"","overlay-gradient":""}},"footnotes":""},"class_list":["post-132","page","type-page","status-publish","hentry"],"yoast_head":"<!-- This site is optimized with the Yoast SEO plugin v22.5 - https:\/\/yoast.com\/wordpress\/plugins\/seo\/ -->\n<title>Le festival - BETIZFEST punk hardcore metal \u00e0 Cambrai Nord<\/title>\n<meta name=\"robots\" content=\"index, follow, max-snippet:-1, max-image-preview:large, max-video-preview:-1\" \/>\n<link rel=\"canonical\" href=\"https:\/\/betizfest.info\/index.php\/le-festival\/\" \/>\n<meta property=\"og:locale\" content=\"fr_FR\" \/>\n<meta property=\"og:type\" content=\"article\" \/>\n<meta property=\"og:title\" content=\"Le festival - BETIZFEST punk hardcore metal \u00e0 Cambrai Nord\" \/>\n<meta property=\"og:description\" content=\"BETIZFEST UN FESTIVAL ASSOCIATIF DANS LES HAUTS-DE-FRANCE Depuis 2003 \u00e0 Cambrai Le BetiZFest n\u00e9 \u00e0 Cambrai en 2003 et les [&hellip;]\" \/>\n<meta property=\"og:url\" content=\"https:\/\/betizfest.info\/index.php\/le-festival\/\" \/>\n<meta property=\"og:site_name\" content=\"BETIZFEST\" \/>\n<meta property=\"article:publisher\" content=\"https:\/\/www.facebook.com\/betizfest\/?locale=fr_FR\" \/>\n<meta property=\"article:modified_time\" content=\"2024-11-19T09:56:08+00:00\" \/>\n<meta property=\"og:image\" content=\"https:\/\/betizfest.info\/wp-content\/uploads\/2024\/04\/Capture-decran-2024-04-27-a-00.24.52-1024x682.jpg\" \/>\n<meta name=\"twitter:card\" content=\"summary_large_image\" \/>\n<meta name=\"twitter:label1\" content=\"Dur\u00e9e de lecture estim\u00e9e\" \/>\n\t<meta name=\"twitter:data1\" content=\"3 minutes\" \/>\n<script type=\"application\/ld+json\" class=\"yoast-schema-graph\">{\"@context\":\"https:\/\/schema.org\",\"@graph\":[{\"@type\":\"WebPage\",\"@id\":\"https:\/\/betizfest.info\/index.php\/le-festival\/\",\"url\":\"https:\/\/betizfest.info\/index.php\/le-festival\/\",\"name\":\"Le festival - BETIZFEST punk hardcore metal \u00e0 Cambrai Nord\",\"isPartOf\":{\"@id\":\"https:\/\/betizfest.info\/#website\"},\"primaryImageOfPage\":{\"@id\":\"https:\/\/betizfest.info\/index.php\/le-festival\/#primaryimage\"},\"image\":{\"@id\":\"https:\/\/betizfest.info\/index.php\/le-festival\/#primaryimage\"},\"thumbnailUrl\":\"https:\/\/betizfest.info\/wp-content\/uploads\/2024\/04\/Capture-decran-2024-04-27-a-00.24.52-1024x682.jpg\",\"datePublished\":\"2024-04-26T22:19:29+00:00\",\"dateModified\":\"2024-11-19T09:56:08+00:00\",\"breadcrumb\":{\"@id\":\"https:\/\/betizfest.info\/index.php\/le-festival\/#breadcrumb\"},\"inLanguage\":\"fr-FR\",\"potentialAction\":[{\"@type\":\"ReadAction\",\"target\":[\"https:\/\/betizfest.info\/index.php\/le-festival\/\"]}]},{\"@type\":\"ImageObject\",\"inLanguage\":\"fr-FR\",\"@id\":\"https:\/\/betizfest.info\/index.php\/le-festival\/#primaryimage\",\"url\":\"https:\/\/betizfest.info\/wp-content\/uploads\/2024\/04\/Capture-decran-2024-04-27-a-00.24.52.jpg\",\"contentUrl\":\"https:\/\/betizfest.info\/wp-content\/uploads\/2024\/04\/Capture-decran-2024-04-27-a-00.24.52.jpg\",\"width\":1868,\"height\":1244},{\"@type\":\"BreadcrumbList\",\"@id\":\"https:\/\/betizfest.info\/index.php\/le-festival\/#breadcrumb\",\"itemListElement\":[{\"@type\":\"ListItem\",\"position\":1,\"name\":\"Accueil\",\"item\":\"https:\/\/betizfest.info\/\"},{\"@type\":\"ListItem\",\"position\":2,\"name\":\"Le festival\"}]},{\"@type\":\"WebSite\",\"@id\":\"https:\/\/betizfest.info\/#website\",\"url\":\"https:\/\/betizfest.info\/\",\"name\":\"BETIZFEST\",\"description\":\"Festival \u00e0 Cambrai\",\"publisher\":{\"@id\":\"https:\/\/betizfest.info\/#organization\"},\"potentialAction\":[{\"@type\":\"SearchAction\",\"target\":{\"@type\":\"EntryPoint\",\"urlTemplate\":\"https:\/\/betizfest.info\/?s={search_term_string}\"},\"query-input\":\"required name=search_term_string\"}],\"inLanguage\":\"fr-FR\"},{\"@type\":\"Organization\",\"@id\":\"https:\/\/betizfest.info\/#organization\",\"name\":\"BETIZFEST\",\"url\":\"https:\/\/betizfest.info\/\",\"logo\":{\"@type\":\"ImageObject\",\"inLanguage\":\"fr-FR\",\"@id\":\"https:\/\/betizfest.info\/#\/schema\/logo\/image\/\",\"url\":\"https:\/\/betizfest.info\/wp-content\/uploads\/2024\/04\/logo.png\",\"contentUrl\":\"https:\/\/betizfest.info\/wp-content\/uploads\/2024\/04\/logo.png\",\"width\":262,\"height\":262,\"caption\":\"BETIZFEST\"},\"image\":{\"@id\":\"https:\/\/betizfest.info\/#\/schema\/logo\/image\/\"},\"sameAs\":[\"https:\/\/www.facebook.com\/betizfest\/?locale=fr_FR\",\"https:\/\/www.instagram.com\/betizfest_officiel\/\",\"https:\/\/www.youtube.com\/user\/betizfest\"]}]}<\/script>\n<!-- \/ Yoast SEO plugin. -->","yoast_head_json":{"title":"Le festival - BETIZFEST punk hardcore metal \u00e0 Cambrai Nord","robots":{"index":"index","follow":"follow","max-snippet":"max-snippet:-1","max-image-preview":"max-image-preview:large","max-video-preview":"max-video-preview:-1"},"canonical":"https:\/\/betizfest.info\/index.php\/le-festival\/","og_locale":"fr_FR","og_type":"article","og_title":"Le festival - BETIZFEST punk hardcore metal \u00e0 Cambrai Nord","og_description":"BETIZFEST UN FESTIVAL ASSOCIATIF DANS LES HAUTS-DE-FRANCE Depuis 2003 \u00e0 Cambrai Le BetiZFest n\u00e9 \u00e0 Cambrai en 2003 et les [&hellip;]","og_url":"https:\/\/betizfest.info\/index.php\/le-festival\/","og_site_name":"BETIZFEST","article_publisher":"https:\/\/www.facebook.com\/betizfest\/?locale=fr_FR","article_modified_time":"2024-11-19T09:56:08+00:00","og_image":[{"url":"https:\/\/betizfest.info\/wp-content\/uploads\/2024\/04\/Capture-decran-2024-04-27-a-00.24.52-1024x682.jpg"}],"twitter_card":"summary_large_image","twitter_misc":{"Dur\u00e9e de lecture estim\u00e9e":"3 minutes"},"schema":{"@context":"https:\/\/schema.org","@graph":[{"@type":"WebPage","@id":"https:\/\/betizfest.info\/index.php\/le-festival\/","url":"https:\/\/betizfest.info\/index.php\/le-festival\/","name":"Le festival - BETIZFEST punk hardcore metal \u00e0 Cambrai Nord","isPartOf":{"@id":"https:\/\/betizfest.info\/#website"},"primaryImageOfPage":{"@id":"https:\/\/betizfest.info\/index.php\/le-festival\/#primaryimage"},"image":{"@id":"https:\/\/betizfest.info\/index.php\/le-festival\/#primaryimage"},"thumbnailUrl":"https:\/\/betizfest.info\/wp-content\/uploads\/2024\/04\/Capture-decran-2024-04-27-a-00.24.52-1024x682.jpg","datePublished":"2024-04-26T22:19:29+00:00","dateModified":"2024-11-19T09:56:08+00:00","breadcrumb":{"@id":"https:\/\/betizfest.info\/index.php\/le-festival\/#breadcrumb"},"inLanguage":"fr-FR","potentialAction":[{"@type":"ReadAction","target":["https:\/\/betizfest.info\/index.php\/le-festival\/"]}]},{"@type":"ImageObject","inLanguage":"fr-FR","@id":"https:\/\/betizfest.info\/index.php\/le-festival\/#primaryimage","url":"https:\/\/betizfest.info\/wp-content\/uploads\/2024\/04\/Capture-decran-2024-04-27-a-00.24.52.jpg","contentUrl":"https:\/\/betizfest.info\/wp-content\/uploads\/2024\/04\/Capture-decran-2024-04-27-a-00.24.52.jpg","width":1868,"height":1244},{"@type":"BreadcrumbList","@id":"https:\/\/betizfest.info\/index.php\/le-festival\/#breadcrumb","itemListElement":[{"@type":"ListItem","position":1,"name":"Accueil","item":"https:\/\/betizfest.info\/"},{"@type":"ListItem","position":2,"name":"Le festival"}]},{"@type":"WebSite","@id":"https:\/\/betizfest.info\/#website","url":"https:\/\/betizfest.info\/","name":"BETIZFEST","description":"Festival \u00e0 Cambrai","publisher":{"@id":"https:\/\/betizfest.info\/#organization"},"potentialAction":[{"@type":"SearchAction","target":{"@type":"EntryPoint","urlTemplate":"https:\/\/betizfest.info\/?s={search_term_string}"},"query-input":"required name=search_term_string"}],"inLanguage":"fr-FR"},{"@type":"Organization","@id":"https:\/\/betizfest.info\/#organization","name":"BETIZFEST","url":"https:\/\/betizfest.info\/","logo":{"@type":"ImageObject","inLanguage":"fr-FR","@id":"https:\/\/betizfest.info\/#\/schema\/logo\/image\/","url":"https:\/\/betizfest.info\/wp-content\/uploads\/2024\/04\/logo.png","contentUrl":"https:\/\/betizfest.info\/wp-content\/uploads\/2024\/04\/logo.png","width":262,"height":262,"caption":"BETIZFEST"},"image":{"@id":"https:\/\/betizfest.info\/#\/schema\/logo\/image\/"},"sameAs":["https:\/\/www.facebook.com\/betizfest\/?locale=fr_FR","https:\/\/www.instagram.com\/betizfest_officiel\/","https:\/\/www.youtube.com\/user\/betizfest"]}]}},"_links":{"self":[{"href":"https:\/\/betizfest.info\/index.php\/wp-json\/wp\/v2\/pages\/132","targetHints":{"allow":["GET"]}}],"collection":[{"href":"https:\/\/betizfest.info\/index.php\/wp-json\/wp\/v2\/pages"}],"about":[{"href":"https:\/\/betizfest.info\/index.php\/wp-json\/wp\/v2\/types\/page"}],"author":[{"embeddable":true,"href":"https:\/\/betizfest.info\/index.php\/wp-json\/wp\/v2\/users\/1"}],"replies":[{"embeddable":true,"href":"https:\/\/betizfest.info\/index.php\/wp-json\/wp\/v2\/comments?post=132"}],"version-history":[{"count":37,"href":"https:\/\/betizfest.info\/index.php\/wp-json\/wp\/v2\/pages\/132\/revisions"}],"predecessor-version":[{"id":452,"href":"https:\/\/betizfest.info\/index.php\/wp-json\/wp\/v2\/pages\/132\/revisions\/452"}],"wp:attachment":[{"href":"https:\/\/betizfest.info\/index.php\/wp-json\/wp\/v2\/media?parent=132"}],"curies":[{"name":"wp","href":"https:\/\/api.w.org\/{rel}","templated":true}]}}